{"id":26,"date":"2022-08-17T17:25:49","date_gmt":"2022-08-17T15:25:49","guid":{"rendered":"http:\/\/fapel22.org\/?page_id=26"},"modified":"2022-08-17T17:25:49","modified_gmt":"2022-08-17T15:25:49","slug":"mentions-legales","status":"publish","type":"page","link":"https:\/\/fapel22.org\/index.php\/mentions-legales\/","title":{"rendered":"Mentions l\u00e9gales"},"content":{"rendered":"\n<p><strong>\u00c9diteur du site<\/strong><br>Fapel des C\u00f4tes d&rsquo;Armor (Fapel 22), 17bis, rue de la Bassi\u00e8re 22380 Saint-Cast Le Guildo.<\/p>\n\n\n\n<p><strong>H\u00e9bergement<\/strong><br>OVH.<\/p>\n\n\n\n<p><strong>Contenu<\/strong><br>La pr\u00e9sentation et le contenu du pr\u00e9sent site sont prot\u00e9g\u00e9s par les lois fran\u00e7aises en vigueur sur la propri\u00e9t\u00e9 intellectuelle. Aucune exploitation, reproduction ou repr\u00e9sentation m\u00eame partielle des textes et photos qui y sont pr\u00e9sent\u00e9s ne pourra \u00eatre effectu\u00e9e sans l\u2019accord pr\u00e9alable et \u00e9crit de l\u2019association Fapel des C\u00f4tes d&rsquo;Armor (Fapel 22).<br>Les donn\u00e9es personnelles communiqu\u00e9es par les utilisateurs dans les diff\u00e9rents formulaires pr\u00e9sents sur le site pour envoyer un message \u00e9lectronique ou s\u2019abonner \u00e0 la newsletter, permettent \u00e0 l\u2019association Fapel des C\u00f4tes d&rsquo;Armor (Fapel 22) de traiter ces demandes.<br>Les informations indispensables sont signal\u00e9es par une petite \u00e9toile.<br>Aucune information n\u2019est transmise \u00e0 un tiers.<\/p>\n\n\n\n<p><strong>Responsabilit\u00e9s<\/strong><br>L\u2019utilisateur est seul responsable de l\u2019utilisation des informations accessibles via ce site.<br>Les sites ext\u00e9rieurs au pr\u00e9sent site ayant un lien hypertexte avec celui-ci ne sont pas sous contr\u00f4le de l\u2019association Fapel des C\u00f4tes d&rsquo;Armor (Fapel 22) qui d\u00e9cline par cons\u00e9quent toute responsabilit\u00e9 quant \u00e0 leur contenu.<\/p>\n\n\n\n<p><strong>Droit d\u2019acc\u00e8s et de rectification<\/strong><br>Conform\u00e9ment \u00e0 la loi Informatique et Libert\u00e9s du 6 janvier 1978 et ses modifications ult\u00e9rieures, vous b\u00e9n\u00e9ficiez d\u2019un droit d\u2019acc\u00e8s et de rectification aux informations qui vous concernent, que vous pouvez exercer en vous adressant \u00e0 l\u2019association Fapel des C\u00f4tes d&rsquo;Armor (Fapel 22).<br>Pour vous d\u00e9sabonner de nos newsletters, ou exercer votre droit d\u2019opposition vous pouvez \u00e9galement cliquer sur le lien situ\u00e9 en bas de chaque newsletter ou courriel.<\/p>\n","protected":false},"excerpt":{"rendered":"<p>\u00c9diteur du siteFapel des C\u00f4tes d&rsquo;Armor (Fapel 22), 17bis, rue de la Bassi\u00e8re 22380 Saint-Cast Le Guildo. H\u00e9bergementOVH. ContenuLa pr\u00e9sentation et le contenu du pr\u00e9sent site sont prot\u00e9g\u00e9s par les lois fran\u00e7aises en vigueur sur la propri\u00e9t\u00e9 intellectuelle. Aucune exploitation, reproduction ou repr\u00e9sentation m\u00eame partielle des textes et photos qui y sont pr\u00e9sent\u00e9s ne pourra [&hellip;]<\/p>\n","protected":false},"author":1,"featured_media":0,"parent":0,"menu_order":0,"comment_status":"closed","ping_status":"closed","template":"","meta":{"om_disable_all_campaigns":false,"_monsterinsights_skip_tracking":false,"_monsterinsights_sitenote_active":false,"_monsterinsights_sitenote_note":"","_monsterinsights_sitenote_category":0,"footnotes":""},"class_list":["post-26","page","type-page","status-publish","hentry"],"aioseo_notices":[],"_links":{"self":[{"href":"https:\/\/fapel22.org\/index.php\/wp-json\/wp\/v2\/pages\/26","targetHints":{"allow":["GET"]}}],"collection":[{"href":"https:\/\/fapel22.org\/index.php\/wp-json\/wp\/v2\/pages"}],"about":[{"href":"https:\/\/fapel22.org\/index.php\/wp-json\/wp\/v2\/types\/page"}],"author":[{"embeddable":true,"href":"https:\/\/fapel22.org\/index.php\/wp-json\/wp\/v2\/users\/1"}],"replies":[{"embeddable":true,"href":"https:\/\/fapel22.org\/index.php\/wp-json\/wp\/v2\/comments?post=26"}],"version-history":[{"count":1,"href":"https:\/\/fapel22.org\/index.php\/wp-json\/wp\/v2\/pages\/26\/revisions"}],"predecessor-version":[{"id":27,"href":"https:\/\/fapel22.org\/index.php\/wp-json\/wp\/v2\/pages\/26\/revisions\/27"}],"wp:attachment":[{"href":"https:\/\/fapel22.org\/index.php\/wp-json\/wp\/v2\/media?parent=26"}],"curies":[{"name":"wp","href":"https:\/\/api.w.org\/{rel}","templated":true}]}}